{"id":9160,"date":"2026-04-30T12:39:23","date_gmt":"2026-04-30T10:39:23","guid":{"rendered":"https:\/\/skolenivirkeligheden.dk\/?post_type=offer_wannabe&#038;p=4763"},"modified":"2026-04-30T12:39:23","modified_gmt":"2026-04-30T10:39:23","slug":"religionernes-dag-2026-tema-religionsdialog","status":"publish","type":"offer","link":"https:\/\/skolenivirkeligheden.dk\/ballerup\/forloeb\/religionernes-dag-2026-tema-religionsdialog\/","title":{"rendered":"RELIGIONERNES DAG 2026: TEMA RELIGIONSDIALOG"},"content":{"rendered":"<p>Kom til en sp\u00e6ndende dag om religionsdialog. Du kan bl.a. m\u00f8de religionssociolog og imam Sherin Khankan, som giver sit bud p\u00e5, hvordan man nedbryder fordomme og skaber dialog p\u00e5 tv\u00e6rs af tro. Du kan ogs\u00e5 h\u00f8re Jesper Petersen og Birgitte Schepelern-Johansen s\u00e6tte fokus p\u00e5 repr\u00e6sentation, sekularitet og at tale sammen, n\u00e5r man er uenig. Undervejs f\u00e5r du pr\u00e6senteret konkrete undervisningstilbud fra Bibliarium og skole-kirke-samarbejder \u2013 bl.a. om parallelle fort\u00e6llinger og House of One. Dagen rundes af med en samtalecaf\u00e9 med \u00d6zlem Cekic og Jair Melchior om dialog i uenighedsf\u00e6llesskaber. <\/p>\n<p>OBS: Vi har et begr\u00e6nset antal billetter til l\u00e6rere i Ballerup og Fures\u00f8 &#8211; tilmelding efter f\u00f8rst til m\u00f8lle-princippet p\u00e5 midtiverden.dk fra 1. maj 2026.<\/p>\n<p>DATO: Tirsdag d. 10. september kl. 10 &#8211; 16 <\/p>\n<p>STED: K\u00f8benhavns Universitet, Amager  (indgang fra parkeringspladsen foran Islands Brygge Metro) <\/p>\n<p>FOREL\u00d8BIGT PROGRAM <\/p>\n<p>09:30: Morgenkaffe m. br\u00f8d <\/p>\n<p>10:00: Velkomst og indledning v. John Rydahl, Religionsl\u00e6rerforeningen <\/p>\n<p>10:05: Hvordan nedbryde fordomme og skabe dialog mellem mennesker med forskellige religioner v. religionssociolog og imam Sherin Khankan.  <\/p>\n<p>10:35: Sp\u00f8rgsm\u00e5l <\/p>\n<p>10:45: Hvad betyder det for forst\u00e5elsen af islam, n\u00e5r den beskrives af ikke muslimer? v. lektor Jesper Petersen (KU)  <\/p>\n<p>11:15: Sp\u00f8rgsm\u00e5l <\/p>\n<p>11:25: Kaffepause <\/p>\n<p>11:45: Parallelle fort\u00e6llinger i Bibelen og Koranen \u2013 et undervisningstilbud v. direkt\u00f8r Anne-Sofie Aabenhus (Bibliarium)  <\/p>\n<p>12:15: Sp\u00f8rgsm\u00e5l <\/p>\n<p>12:25: Frokost  <\/p>\n<p>13:15: Skismaet mellem religi\u00f8sitet og sekularitet \u2013 kan der tales p\u00e5 tv\u00e6rs? v. lektor Birgitte Schepelern-Johansen (KU)  <\/p>\n<p>13:45 Sp\u00f8rgsm\u00e5l  <\/p>\n<p>13:55: Kaffepause <\/p>\n<p>14.15: Pr\u00e6sentation af undervisningstilbud om House of One \u2013 et konkret initiativ til dialog mellem j\u00f8der, kristne og muslimer i Berlin v. Skole-Kirke-Samarbejdet i \u00c5rhus og Folkekirkens Skoletjeneste i Faxe, Stevns &amp; K\u00f8ge <\/p>\n<p>14.45: Sp\u00f8rgsm\u00e5l <\/p>\n<p>14:55: Samtalecaf\u00e9 m. Brobyggerne \u00d6zlem Cekic (generalsekret\u00e6r) og Jair Melchior (overrabbiner) om dialog i uenighedsf\u00e6llesskaber <\/p>\n<p>15:55: Farvel og tak v. John Rydahl<\/p>\n","protected":false},"excerpt":{"rendered":"<p>Kom til en sp\u00e6ndende dag om religionsdialog. Du kan bl.a. m\u00f8de religionssociolog og imam Sherin Khankan, som giver sit bud p\u00e5, hvordan man nedbryder fordomme og skaber dialog p\u00e5 tv\u00e6rs af tro. Du kan ogs\u00e5 h\u00f8re Jesper Petersen og Birgitte Schepelern-Johansen s\u00e6tte fokus p\u00e5 repr\u00e6sentation, sekularitet og at tale sammen, n\u00e5r man er uenig. Undervejs [&hellip;]<\/p>\n","protected":false},"author":7,"featured_media":9161,"menu_order":0,"template":"","class_list":["post-9160","offer","type-offer","status-publish","has-post-thumbnail","hentry"],"acf":[],"publishpress_future_action":{"enabled":false,"date":"2026-05-08 05:40:45","action":"change-status","newStatus":"draft","terms":[],"taxonomy":"","extraData":[]},"publishpress_future_workflow_manual_trigger":{"enabledWorkflows":[]},"_links":{"self":[{"href":"https:\/\/skolenivirkeligheden.dk\/ballerup\/wp-json\/wp\/v2\/offer\/9160","targetHints":{"allow":["GET"]}}],"collection":[{"href":"https:\/\/skolenivirkeligheden.dk\/ballerup\/wp-json\/wp\/v2\/offer"}],"about":[{"href":"https:\/\/skolenivirkeligheden.dk\/ballerup\/wp-json\/wp\/v2\/types\/offer"}],"author":[{"embeddable":true,"href":"https:\/\/skolenivirkeligheden.dk\/ballerup\/wp-json\/wp\/v2\/users\/7"}],"version-history":[{"count":1,"href":"https:\/\/skolenivirkeligheden.dk\/ballerup\/wp-json\/wp\/v2\/offer\/9160\/revisions"}],"predecessor-version":[{"id":9163,"href":"https:\/\/skolenivirkeligheden.dk\/ballerup\/wp-json\/wp\/v2\/offer\/9160\/revisions\/9163"}],"wp:featuredmedia":[{"embeddable":true,"href":"https:\/\/skolenivirkeligheden.dk\/ballerup\/wp-json\/wp\/v2\/media\/9161"}],"wp:attachment":[{"href":"https:\/\/skolenivirkeligheden.dk\/ballerup\/wp-json\/wp\/v2\/media?parent=9160"}],"curies":[{"name":"wp","href":"https:\/\/api.w.org\/{rel}","templated":true}]}}