{"id":9135,"date":"2026-04-27T10:23:55","date_gmt":"2026-04-27T08:23:55","guid":{"rendered":"https:\/\/skolenivirkeligheden.dk\/?post_type=offer_wannabe&#038;p=4755"},"modified":"2026-04-27T10:23:55","modified_gmt":"2026-04-27T08:23:55","slug":"skamstoette-skamfuld-eller-skamloes","status":"publish","type":"offer","link":"https:\/\/skolenivirkeligheden.dk\/ballerup\/forloeb\/skamstoette-skamfuld-eller-skamloes\/","title":{"rendered":"SkamST\u00d8TTE Skamfuld eller skaml\u00f8s?"},"content":{"rendered":"<p>Sk\u00e6rmskam, klimaskam, kropsskam, klasseskam og Instaskam&#8230;<br \/>\nSkam er usynlig, den lever et stille liv, og samtidig er den overalt.  <\/p>\n<p>Skam er en af de mest ensomme f\u00f8lelser. Derfor er det paradoksalt, at skam er noget alle mennesker p\u00e5 tv\u00e6rs af alder, kultur og geografi deler. Skammen er et almenmenneskeligt vilk\u00e5r, der i bedste fald kan fungere som et etisk kompas, men i v\u00e6rste fald kan f\u00e5 et menneske til at tvivle p\u00e5, at det er v\u00e6rd at elske. Skyld kan undskyldes, men hvordan UNDskammer man?<\/p>\n<p>Med afs\u00e6t i Christian Hjortkj\u00e6rs bog Skamfuld unders\u00f8ger projektet, hvor meget og hvordan skam stadig fylder i samfundet. F\u00f8r i tiden blev skamst\u00f8tter rejst som monumenter for at udskamme folk, men hvordan ser den moderne skamst\u00f8tte ud?<\/p>\n<p>Eleverne arbejder i forl\u00f8bet med skammens mange forskellige udtryk, ved at pille en SKAMst\u00f8tte fra hinanden og unders\u00f8ge den, inden de selv bygger en omvendt skamST\u00d8TTE &#8211; og giver deres bud p\u00e5, hvad der er modgiften til skam. Skamst\u00f8tten best\u00e5r af en stor bunke \u201cbygge-plader\u201d med hver sin kilde om skam, hvor eleverne kan f\u00f8lge danskfaglige spor via billedanalyse og uddrag af novelle- og romantekster, mens de kristendomsfagligt arbejder med Bibelens og kristendommens forst\u00e5else af skam, samt med synet p\u00e5 begrebet skam i andre religioner.<\/p>\n<p>Projektets materialer best\u00e5r af:<br \/>\nL\u00e6rervejledning<br \/>\nEt klasses\u00e6t af temaplader med kildetekster p\u00e5, der kan bygges op til en moderne skamst\u00f8tte<\/p>\n<p>M\u00e5lgruppe: 7.-9. klasse<br \/>\nFag: Kristendomskundskab, dansk<br \/>\nOmfang: 6 -8 lektioner<br \/>\nTilmelding: Senest 1. september 2026<br \/>\nPeriode: fra oktober 2026<\/p>\n","protected":false},"excerpt":{"rendered":"<p>Sk\u00e6rmskam, klimaskam, kropsskam, klasseskam og Instaskam&#8230; Skam er usynlig, den lever et stille liv, og samtidig er den overalt. Skam er en af de mest ensomme f\u00f8lelser. Derfor er det paradoksalt, at skam er noget alle mennesker p\u00e5 tv\u00e6rs af alder, kultur og geografi deler. Skammen er et almenmenneskeligt vilk\u00e5r, der i bedste fald kan [&hellip;]<\/p>\n","protected":false},"author":7,"featured_media":9136,"menu_order":0,"template":"","class_list":["post-9135","offer","type-offer","status-publish","has-post-thumbnail","hentry"],"acf":[],"publishpress_future_action":{"enabled":false,"date":"2026-05-07 02:43:04","action":"change-status","newStatus":"draft","terms":[],"taxonomy":"","extraData":[]},"publishpress_future_workflow_manual_trigger":{"enabledWorkflows":[]},"_links":{"self":[{"href":"https:\/\/skolenivirkeligheden.dk\/ballerup\/wp-json\/wp\/v2\/offer\/9135","targetHints":{"allow":["GET"]}}],"collection":[{"href":"https:\/\/skolenivirkeligheden.dk\/ballerup\/wp-json\/wp\/v2\/offer"}],"about":[{"href":"https:\/\/skolenivirkeligheden.dk\/ballerup\/wp-json\/wp\/v2\/types\/offer"}],"author":[{"embeddable":true,"href":"https:\/\/skolenivirkeligheden.dk\/ballerup\/wp-json\/wp\/v2\/users\/7"}],"version-history":[{"count":1,"href":"https:\/\/skolenivirkeligheden.dk\/ballerup\/wp-json\/wp\/v2\/offer\/9135\/revisions"}],"predecessor-version":[{"id":9146,"href":"https:\/\/skolenivirkeligheden.dk\/ballerup\/wp-json\/wp\/v2\/offer\/9135\/revisions\/9146"}],"wp:featuredmedia":[{"embeddable":true,"href":"https:\/\/skolenivirkeligheden.dk\/ballerup\/wp-json\/wp\/v2\/media\/9136"}],"wp:attachment":[{"href":"https:\/\/skolenivirkeligheden.dk\/ballerup\/wp-json\/wp\/v2\/media?parent=9135"}],"curies":[{"name":"wp","href":"https:\/\/api.w.org\/{rel}","templated":true}]}}