{"id":9112,"date":"2026-04-27T10:20:54","date_gmt":"2026-04-27T08:20:54","guid":{"rendered":"https:\/\/skolenivirkeligheden.dk\/?post_type=offer_wannabe&#038;p=4726"},"modified":"2026-04-27T10:20:54","modified_gmt":"2026-04-27T08:20:54","slug":"vild-havedag-den-17-maj","status":"publish","type":"offer","link":"https:\/\/skolenivirkeligheden.dk\/ballerup\/forloeb\/vild-havedag-den-17-maj\/","title":{"rendered":"VILD HAVEDAG DEN 17 MAJ"},"content":{"rendered":"<p>Bes\u00f8g Ballerup Kommunes Biodiversitetspark<br \/>\nMellem V\u00e5rbuen og sommerbuen, V\u00e5rbuen 71, 2750 Ballerup<\/p>\n<p>Bes\u00f8g Ballerup Kommunes lille Biodiversitetspark \u2013 Vild Havedag<\/p>\n<p>Ballerup Kommune og foreningen Vild Med Vilje viser rundt i Biodiversitetsparken i anledning af Vild Havedag \u2013 den landsd\u00e6kkende fejring af vilde haver, naturgl\u00e6de og gr\u00f8nne f\u00e6llesskaber.<\/p>\n<p>Kom og g\u00e5 p\u00e5 opdagelse i et omr\u00e5de, hvor naturen f\u00e5r lov at v\u00e6re natur<\/p>\n<p>Her kan du opleve kvashegn, vilde blomsterbede, hjemmeh\u00f8rende stauder, rovfuglep\u00e6le, fuglehuse, pindsvinehjem, vandhuller, vandkar og sm\u00e5 fordybninger, der holder p\u00e5 regnvand. Du finder ogs\u00e5 d\u00f8dt ved og stens\u00e6tninger samt steder, hvor naturens egne materialer bevares og bruges som et naturligt modspil til den klassiske, \u2019p\u00e6ne\u2019 have. Alt dette skaber levesteder og gode betingelser for et rigt dyre- og planteliv.<\/p>\n<p>P\u00e5 dagen kan du blandt andet<\/p>\n<p>Modtage en guidet rundvisning sammen med foreningen Vild Med Vilje og kommunens biolog<br \/>\nM\u00f8de fagfolk og frivillige, der br\u00e6nder for naturen<br \/>\nOpleve parkens levesteder og h\u00f8re om kommunens arbejde med biodiversitet<br \/>\nF\u00e5 inspiration til, hvordan du selv kan g\u00f8re din have lidt vildere<br \/>\nF\u00e5 konkrete tips og id\u00e9er, du kan tage med hjem<br \/>\nBallerup Kommune deltager i Vild Havedag, fordi vi \u00f8nsker at styrke biodiversiteten lokalt \u2013 b\u00e5de i det offentlige rum og i private haver.<\/p>\n<p>Vi h\u00e5ber I har lyst til at v\u00e6re med<\/p>\n<p>Med venlig hilsen<br \/>\nBallerup Kommune<br \/>\nCenter for By og Milj\u00f8<br \/>\nNaturteamet<\/p>\n<p>Praktisk:  Den. 17 maj kl. 14:00- 15:30 mellem v\u00e5rbuen og sommerbuen, V\u00e5rbuen 71, 2750 Ballerup. Det anbefales at ankomme p\u00e5 cykel.<\/p>\n","protected":false},"excerpt":{"rendered":"<p>Bes\u00f8g Ballerup Kommunes Biodiversitetspark Mellem V\u00e5rbuen og sommerbuen, V\u00e5rbuen 71, 2750 Ballerup Bes\u00f8g Ballerup Kommunes lille Biodiversitetspark \u2013 Vild Havedag Ballerup Kommune og foreningen Vild Med Vilje viser rundt i Biodiversitetsparken i anledning af Vild Havedag \u2013 den landsd\u00e6kkende fejring af vilde haver, naturgl\u00e6de og gr\u00f8nne f\u00e6llesskaber. Kom og g\u00e5 p\u00e5 opdagelse i et omr\u00e5de, [&hellip;]<\/p>\n","protected":false},"author":7,"featured_media":0,"menu_order":0,"template":"","class_list":["post-9112","offer","type-offer","status-publish","hentry"],"acf":[],"publishpress_future_action":{"enabled":false,"date":"2026-05-07 05:09:09","action":"change-status","newStatus":"draft","terms":[],"taxonomy":"","extraData":[]},"publishpress_future_workflow_manual_trigger":{"enabledWorkflows":[]},"_links":{"self":[{"href":"https:\/\/skolenivirkeligheden.dk\/ballerup\/wp-json\/wp\/v2\/offer\/9112","targetHints":{"allow":["GET"]}}],"collection":[{"href":"https:\/\/skolenivirkeligheden.dk\/ballerup\/wp-json\/wp\/v2\/offer"}],"about":[{"href":"https:\/\/skolenivirkeligheden.dk\/ballerup\/wp-json\/wp\/v2\/types\/offer"}],"author":[{"embeddable":true,"href":"https:\/\/skolenivirkeligheden.dk\/ballerup\/wp-json\/wp\/v2\/users\/7"}],"version-history":[{"count":1,"href":"https:\/\/skolenivirkeligheden.dk\/ballerup\/wp-json\/wp\/v2\/offer\/9112\/revisions"}],"predecessor-version":[{"id":9144,"href":"https:\/\/skolenivirkeligheden.dk\/ballerup\/wp-json\/wp\/v2\/offer\/9112\/revisions\/9144"}],"wp:attachment":[{"href":"https:\/\/skolenivirkeligheden.dk\/ballerup\/wp-json\/wp\/v2\/media?parent=9112"}],"curies":[{"name":"wp","href":"https:\/\/api.w.org\/{rel}","templated":true}]}}